{"id":36,"date":"2018-03-14T15:49:01","date_gmt":"2018-03-14T15:49:01","guid":{"rendered":"http:\/\/haraldsplass.wpengine.com\/barnevern\/?page_id=36"},"modified":"2023-06-15T12:00:06","modified_gmt":"2023-06-15T10:00:06","slug":"institusjonsplasser","status":"publish","type":"page","link":"https:\/\/www.haraldsplass.org\/barnevern\/vaart-tilbud\/institusjonsplasser\/","title":{"rendered":"Institusjonsplasser"},"content":{"rendered":"[vc_row type=&raquo;in_container&raquo; full_screen_row_position=&raquo;middle&raquo; scene_position=&raquo;center&raquo; text_color=&raquo;dark&raquo; text_align=&raquo;left&raquo; overlay_strength=&raquo;0.3&#8243; shape_divider_position=&raquo;bottom&raquo;][vc_column column_padding=&raquo;no-extra-padding&raquo; column_padding_position=&raquo;all&raquo; background_color_opacity=&raquo;1&#8243; background_hover_color_opacity=&raquo;1&#8243; column_shadow=&raquo;none&raquo; column_border_radius=&raquo;none&raquo; width=&raquo;1\/1&#8243; tablet_text_alignment=&raquo;default&raquo; phone_text_alignment=&raquo;default&raquo; column_border_width=&raquo;none&raquo; column_border_style=&raquo;solid&raquo;][vc_column_text]\n<h1>Institusjonsplasser<\/h1>\n[\/vc_column_text][divider line_type=&raquo;No Line&raquo; custom_height=&raquo;20&#8243;][vc_column_text]\n<h3><strong>P\u00e5 v\u00e5re institusjonsavdelinger har vi godkjenning for \u00e5 huse inntil 15 barn og unge i alderen 13-23 \u00e5r. Omsorgsplassene er fordelt p\u00e5 fire mindre boenheter.<\/strong><\/h3>\n[\/vc_column_text][\/vc_column][\/vc_row][vc_row type=&raquo;in_container&raquo; full_screen_row_position=&raquo;middle&raquo; scene_position=&raquo;center&raquo; text_color=&raquo;dark&raquo; text_align=&raquo;left&raquo; overlay_strength=&raquo;0.3&#8243; shape_divider_position=&raquo;bottom&raquo; shape_type=&raquo;&raquo;][vc_column column_padding=&raquo;no-extra-padding&raquo; column_padding_position=&raquo;all&raquo; background_color_opacity=&raquo;1&#8243; background_hover_color_opacity=&raquo;1&#8243; column_shadow=&raquo;none&raquo; column_border_radius=&raquo;none&raquo; width=&raquo;2\/3&#8243; tablet_text_alignment=&raquo;default&raquo; phone_text_alignment=&raquo;default&raquo; column_border_width=&raquo;none&raquo; column_border_style=&raquo;solid&raquo;][image_with_animation image_url=&raquo;208&#8243; alignment=&raquo;&raquo; animation=&raquo;Fade In&raquo; border_radius=&raquo;none&raquo; box_shadow=&raquo;none&raquo; max_width=&raquo;100%&raquo;][\/vc_column][vc_column column_padding=&raquo;no-extra-padding&raquo; column_padding_position=&raquo;all&raquo; background_color_opacity=&raquo;1&#8243; background_hover_color_opacity=&raquo;1&#8243; column_shadow=&raquo;none&raquo; column_border_radius=&raquo;none&raquo; width=&raquo;1\/3&#8243; tablet_text_alignment=&raquo;default&raquo; phone_text_alignment=&raquo;default&raquo; column_border_width=&raquo;none&raquo; column_border_style=&raquo;solid&raquo;]<div class=\"iwithtext\"><div class=\"iwt-icon\"> <i class=\"icon-default-style fa fa-arrow-right accent-color\"><\/i> <\/div><div class=\"iwt-text\"> \n<h3><a href=\"https:\/\/www.haraldsplass.org\/barnevern\/vaart-tilbud\/institusjonsplasser\/kontaktpersoner-vestland\/\">Kontakt Vestland<\/a><\/h3>\n <\/div><div class=\"clear\"><\/div><\/div><div class=\"iwithtext\"><div class=\"iwt-icon\"> <i class=\"icon-default-style fa fa-arrow-right accent-color\"><\/i> <\/div><div class=\"iwt-text\"> \n<h3><a href=\"https:\/\/www.haraldsplass.org\/barnevern\/vaart-tilbud\/institusjonsplasser\/kontaktpersoner-agder\/\">Kontakt Agder<\/a><\/h3>\n <\/div><div class=\"clear\"><\/div><\/div><div class=\"iwithtext\"><div class=\"iwt-icon\"> <i class=\"icon-default-style fa fa-arrow-right accent-color\"><\/i> <\/div><div class=\"iwt-text\"> \n<h3><a href=\"https:\/\/www.haraldsplass.org\/barnevern\/vaart-tilbud\/institusjonsplasser\/kontaktpersoner-rogaland\/\">Kontakt Rogaland<\/a><\/h3>\n <\/div><div class=\"clear\"><\/div><\/div>[\/vc_column][\/vc_row][vc_row type=&raquo;in_container&raquo; full_screen_row_position=&raquo;middle&raquo; scene_position=&raquo;center&raquo; text_color=&raquo;dark&raquo; text_align=&raquo;left&raquo; overlay_strength=&raquo;0.3&#8243; shape_divider_position=&raquo;bottom&raquo;][vc_column column_padding=&raquo;no-extra-padding&raquo; column_padding_position=&raquo;all&raquo; background_color_opacity=&raquo;1&#8243; background_hover_color_opacity=&raquo;1&#8243; column_shadow=&raquo;none&raquo; column_border_radius=&raquo;none&raquo; width=&raquo;1\/2&#8243; tablet_text_alignment=&raquo;default&raquo; phone_text_alignment=&raquo;default&raquo; column_border_width=&raquo;none&raquo; column_border_style=&raquo;solid&raquo;][vc_column_text]<strong>Institusjonsplass<br \/>\n<\/strong>I hver av v\u00e5re boenheter er det plass til 3-5 ungdommer. Personalet g\u00e5r i en medleverturnus noe som betyr at de bor p\u00e5 avdelingen i 3-4 d\u00f8gn og har fri en uke. I tillegg har vi personale som g\u00e5r vakter p\u00e5 formiddag, kveld, natt og helg. Dette gj\u00f8res for \u00e5 skape mest mulig stabilitet og forutsigbarhet i de unges hverdag. P\u00e5 v\u00e5re institusjonsavdelinger tar vi i mot ungdom som skal ha et tilbud i henhold til hjelpevedtak eller omsorgsvedtak. Ungdommen som kommer til oss har ulikt utgangspunkt, ulike historier og ulike erfaringer. Felles for dem er at de har former for emosjonelle eller sosiale problemer. Disse blir ofte synlig gjennom adferdsproblemer. I samarbeid med fagteam og barneverntjenesten i ungdommens hjemkommune, tilrettelegger vi et tilbud som passer den enkelte.\u00a0\u00a0Hos oss er ungdommen normalt 6 m\u00e5neder til 1 \u00e5r, men noen ganger er de her lenger, avhengig av den enkelte ungdommens vedtak. Vi \u00f8nsker \u00e5 gi ungdommen best mulig verkt\u00f8y for \u00e5 klare seg videre i livet. Vi jobber derfor med gode overgangsordninger i samarbeid med barneverntjenesten og tilretteleggelse ved hjemflytting eller flytting i egen bolig.<\/p>\n<p><strong>Individuell tilpasning<\/strong><br \/>\nI avdelingene jobber vi ut fra tanken om at alle ungdommer skal ha mulighet til \u00e5 tilpasse seg og endre seg i positiv retning. Vi tilpasser v\u00e5re arbeidsmetoder og verkt\u00f8y ut fra den enkelte ungdommens st\u00e5sted, ferdigheter og prestasjoner. M\u00e5l og virkemiddel er tilpasset den enkelte ungdoms individuelle behov og skriftlige handlingsplan. V\u00e5re metoder avklarer hva goder, men ogs\u00e5 hva forventninger en har til ungdommen. Personalet pr\u00f8ver bevisst \u00e5 ha fokus p\u00e5 ungdommenes ressurser og gode egenskaper, ut fra tanken om at atferd som gis oppmerksomhet har st\u00f8rre sannsynlighet for \u00e5 gjenta seg. Det er derfor viktig at det er positiv oppmerksomhet som gis.[\/vc_column_text][\/vc_column][vc_column column_padding=&raquo;no-extra-padding&raquo; column_padding_position=&raquo;all&raquo; background_color_opacity=&raquo;1&#8243; background_hover_color_opacity=&raquo;1&#8243; column_shadow=&raquo;none&raquo; column_border_radius=&raquo;none&raquo; width=&raquo;1\/2&#8243; tablet_text_alignment=&raquo;default&raquo; phone_text_alignment=&raquo;default&raquo; column_border_width=&raquo;none&raquo; column_border_style=&raquo;solid&raquo;][vc_column_text]<strong>Hverdag p\u00e5 institusjonsavdelingene<br \/>\n<\/strong>Vi har en strukturert hverdag, klare rutiner og grenser som skal hjelpe ungdommen til \u00e5 oppleve forutsigbarhet, trygghet og tydelige voksne. Dette inneb\u00e6rer blant annet fast d\u00f8gnrytme, faste m\u00e5ltider og m\u00f8tepunkt, i form av ukesamtaler og husm\u00f8ter. Ungdom har ofte stort behov for struktur og klare grenser. Derfor pr\u00f8ver vi \u00e5 la rammer og regelverk v\u00e6re tydeligst mulig. Ungdom som bor i senteret skal ha et dagtilbud i form av skole eller jobb. I de tilfellene ungdommen ikke er klar for det, fors\u00f8ker vi \u00e5 gjennomf\u00f8re faste daglige gj\u00f8rem\u00e5l og aktiviteter, for \u00e5 skape struktur i hverdagen. Noen av ungdommene velger \u00e5 forsette p\u00e5 skolen de kommer fra, andre f\u00e5r flytte over til skoler i v\u00e5rt n\u00e6romr\u00e5de. For de som heller vil pr\u00f8ve seg i jobb eller i en praksisplass, samarbeider vi tett med PPT\/OT og NAV. Vi samarbeider tett med tjenestene for \u00e5 sikre praksisplass til ungdommene som ikke finner seg en jobb innenfor det ordin\u00e6re arbeidsmarkedet. Vi har etterhvert ogs\u00e5 opparbeidet oss et nettverk av positive arbeidsgivere som bist\u00e5r med arbeid eller praksisplass til ungdommene.<\/p>\n<p><strong>Selvstendighet\u00a0<\/strong><br \/>\nI l\u00f8pet av tiden ungdommene bor hos oss \u00f8nsker vi at de skal bli mer selvstendige i den praktiske hverdagen. Derfor gis det oppl\u00e6ring, r\u00e5d og veiledning i alt fra matlaging og husvask til hvordan man forholder seg til jevnaldrene. I tillegg legges det stor vekt p\u00e5 nettverksarbeid, ved at b\u00e5de ungdom og personalet har jevnlig kontakt med n\u00e6re p\u00e5r\u00f8rende og instansene som er involvert i ungdommens liv. Venner og familie blir jevnlig invitert p\u00e5 bes\u00f8k og personalet er ogs\u00e5 med p\u00e5 bes\u00f8k til ungdommens familie.[\/vc_column_text][\/vc_column][\/vc_row]\n","protected":false},"excerpt":{"rendered":"<p>[vc_row type=&raquo;in_container&raquo; full_screen_row_position=&raquo;middle&raquo; scene_position=&raquo;center&raquo; text_color=&raquo;dark&raquo; text_align=&raquo;left&raquo; overlay_strength=&raquo;0.3&#8243; shape_divider_position=&raquo;bottom&raquo;][vc_column column_padding=&raquo;no-extra-padding&raquo; column_padding_position=&raquo;all&raquo; background_color_opacity=&raquo;1&#8243; background_hover_color_opacity=&raquo;1&#8243; column_shadow=&raquo;none&raquo; column_border_radius=&raquo;none&raquo; width=&raquo;1\/1&#8243; tablet_text_alignment=&raquo;default&raquo; phone_text_alignment=&raquo;default&raquo; column_border_width=&raquo;none&raquo; column_border_style=&raquo;solid&raquo;][vc_column_text] Institusjonsplasser&#8230;<\/p>\n","protected":false},"author":3,"featured_media":0,"parent":30,"menu_order":0,"comment_status":"closed","ping_status":"closed","template":"","meta":{"footnotes":""},"class_list":["post-36","page","type-page","status-publish"],"yoast_head":"<!-- This site is optimized with the Yoast SEO plugin v27.5 - https:\/\/yoast.com\/product\/yoast-seo-wordpress\/ -->\n<title>Institusjonsplasser - Haraldsplass Barnevern<\/title>\n<meta name=\"robots\" content=\"index, follow, max-snippet:-1, max-image-preview:large, max-video-preview:-1\" \/>\n<link rel=\"canonical\" href=\"https:\/\/www.haraldsplass.org\/barnevern\/vaart-tilbud\/institusjonsplasser\/\" \/>\n<meta property=\"og:locale\" content=\"nb_NO\" \/>\n<meta property=\"og:type\" content=\"article\" \/>\n<meta property=\"og:title\" content=\"Institusjonsplasser - Haraldsplass Barnevern\" \/>\n<meta property=\"og:description\" content=\"[vc_row type=&raquo;in_container&raquo; full_screen_row_position=&raquo;middle&raquo; scene_position=&raquo;center&raquo; text_color=&raquo;dark&raquo; text_align=&raquo;left&raquo; overlay_strength=&raquo;0.3&#8243; shape_divider_position=&raquo;bottom&raquo;][vc_column column_padding=&raquo;no-extra-padding&raquo; column_padding_position=&raquo;all&raquo; background_color_opacity=&raquo;1&#8243; background_hover_color_opacity=&raquo;1&#8243; column_shadow=&raquo;none&raquo; column_border_radius=&raquo;none&raquo; width=&raquo;1\/1&#8243; tablet_text_alignment=&raquo;default&raquo; phone_text_alignment=&raquo;default&raquo; column_border_width=&raquo;none&raquo; column_border_style=&raquo;solid&raquo;][vc_column_text] Institusjonsplasser...\" \/>\n<meta property=\"og:url\" content=\"https:\/\/www.haraldsplass.org\/barnevern\/vaart-tilbud\/institusjonsplasser\/\" \/>\n<meta property=\"og:site_name\" content=\"Haraldsplass Barnevern\" \/>\n<meta property=\"article:modified_time\" content=\"2023-06-15T10:00:06+00:00\" \/>\n<meta name=\"twitter:card\" content=\"summary_large_image\" \/>\n<meta name=\"twitter:label1\" content=\"Ansl. lesetid\" \/>\n\t<meta name=\"twitter:data1\" content=\"4 minutter\" \/>\n<script type=\"application\/ld+json\" class=\"yoast-schema-graph\">{\"@context\":\"https:\\\/\\\/schema.org\",\"@graph\":[{\"@type\":\"WebPage\",\"@id\":\"https:\\\/\\\/www.haraldsplass.org\\\/barnevern\\\/vaart-tilbud\\\/institusjonsplasser\\\/\",\"url\":\"https:\\\/\\\/www.haraldsplass.org\\\/barnevern\\\/vaart-tilbud\\\/institusjonsplasser\\\/\",\"name\":\"Institusjonsplasser - Haraldsplass Barnevern\",\"isPartOf\":{\"@id\":\"https:\\\/\\\/www.haraldsplass.org\\\/barnevern\\\/#website\"},\"datePublished\":\"2018-03-14T15:49:01+00:00\",\"dateModified\":\"2023-06-15T10:00:06+00:00\",\"breadcrumb\":{\"@id\":\"https:\\\/\\\/www.haraldsplass.org\\\/barnevern\\\/vaart-tilbud\\\/institusjonsplasser\\\/#breadcrumb\"},\"inLanguage\":\"nb-NO\",\"potentialAction\":[{\"@type\":\"ReadAction\",\"target\":[\"https:\\\/\\\/www.haraldsplass.org\\\/barnevern\\\/vaart-tilbud\\\/institusjonsplasser\\\/\"]}]},{\"@type\":\"BreadcrumbList\",\"@id\":\"https:\\\/\\\/www.haraldsplass.org\\\/barnevern\\\/vaart-tilbud\\\/institusjonsplasser\\\/#breadcrumb\",\"itemListElement\":[{\"@type\":\"ListItem\",\"position\":1,\"name\":\"Hjem\",\"item\":\"https:\\\/\\\/www.haraldsplass.org\\\/barnevern\\\/\"},{\"@type\":\"ListItem\",\"position\":2,\"name\":\"V\u00e5rt tilbud\",\"item\":\"https:\\\/\\\/www.haraldsplass.org\\\/barnevern\\\/vaart-tilbud\\\/\"},{\"@type\":\"ListItem\",\"position\":3,\"name\":\"Institusjonsplasser\"}]},{\"@type\":\"WebSite\",\"@id\":\"https:\\\/\\\/www.haraldsplass.org\\\/barnevern\\\/#website\",\"url\":\"https:\\\/\\\/www.haraldsplass.org\\\/barnevern\\\/\",\"name\":\"Haraldsplass Barnevern\",\"description\":\"\",\"potentialAction\":[{\"@type\":\"SearchAction\",\"target\":{\"@type\":\"EntryPoint\",\"urlTemplate\":\"https:\\\/\\\/www.haraldsplass.org\\\/barnevern\\\/?s={search_term_string}\"},\"query-input\":{\"@type\":\"PropertyValueSpecification\",\"valueRequired\":true,\"valueName\":\"search_term_string\"}}],\"inLanguage\":\"nb-NO\"}]}<\/script>\n<!-- \/ Yoast SEO plugin. -->","yoast_head_json":{"title":"Institusjonsplasser - Haraldsplass Barnevern","robots":{"index":"index","follow":"follow","max-snippet":"max-snippet:-1","max-image-preview":"max-image-preview:large","max-video-preview":"max-video-preview:-1"},"canonical":"https:\/\/www.haraldsplass.org\/barnevern\/vaart-tilbud\/institusjonsplasser\/","og_locale":"nb_NO","og_type":"article","og_title":"Institusjonsplasser - Haraldsplass Barnevern","og_description":"[vc_row type=&raquo;in_container&raquo; full_screen_row_position=&raquo;middle&raquo; scene_position=&raquo;center&raquo; text_color=&raquo;dark&raquo; text_align=&raquo;left&raquo; overlay_strength=&raquo;0.3&#8243; shape_divider_position=&raquo;bottom&raquo;][vc_column column_padding=&raquo;no-extra-padding&raquo; column_padding_position=&raquo;all&raquo; background_color_opacity=&raquo;1&#8243; background_hover_color_opacity=&raquo;1&#8243; column_shadow=&raquo;none&raquo; column_border_radius=&raquo;none&raquo; width=&raquo;1\/1&#8243; tablet_text_alignment=&raquo;default&raquo; phone_text_alignment=&raquo;default&raquo; column_border_width=&raquo;none&raquo; column_border_style=&raquo;solid&raquo;][vc_column_text] Institusjonsplasser...","og_url":"https:\/\/www.haraldsplass.org\/barnevern\/vaart-tilbud\/institusjonsplasser\/","og_site_name":"Haraldsplass Barnevern","article_modified_time":"2023-06-15T10:00:06+00:00","twitter_card":"summary_large_image","twitter_misc":{"Ansl. lesetid":"4 minutter"},"schema":{"@context":"https:\/\/schema.org","@graph":[{"@type":"WebPage","@id":"https:\/\/www.haraldsplass.org\/barnevern\/vaart-tilbud\/institusjonsplasser\/","url":"https:\/\/www.haraldsplass.org\/barnevern\/vaart-tilbud\/institusjonsplasser\/","name":"Institusjonsplasser - Haraldsplass Barnevern","isPartOf":{"@id":"https:\/\/www.haraldsplass.org\/barnevern\/#website"},"datePublished":"2018-03-14T15:49:01+00:00","dateModified":"2023-06-15T10:00:06+00:00","breadcrumb":{"@id":"https:\/\/www.haraldsplass.org\/barnevern\/vaart-tilbud\/institusjonsplasser\/#breadcrumb"},"inLanguage":"nb-NO","potentialAction":[{"@type":"ReadAction","target":["https:\/\/www.haraldsplass.org\/barnevern\/vaart-tilbud\/institusjonsplasser\/"]}]},{"@type":"BreadcrumbList","@id":"https:\/\/www.haraldsplass.org\/barnevern\/vaart-tilbud\/institusjonsplasser\/#breadcrumb","itemListElement":[{"@type":"ListItem","position":1,"name":"Hjem","item":"https:\/\/www.haraldsplass.org\/barnevern\/"},{"@type":"ListItem","position":2,"name":"V\u00e5rt tilbud","item":"https:\/\/www.haraldsplass.org\/barnevern\/vaart-tilbud\/"},{"@type":"ListItem","position":3,"name":"Institusjonsplasser"}]},{"@type":"WebSite","@id":"https:\/\/www.haraldsplass.org\/barnevern\/#website","url":"https:\/\/www.haraldsplass.org\/barnevern\/","name":"Haraldsplass Barnevern","description":"","potentialAction":[{"@type":"SearchAction","target":{"@type":"EntryPoint","urlTemplate":"https:\/\/www.haraldsplass.org\/barnevern\/?s={search_term_string}"},"query-input":{"@type":"PropertyValueSpecification","valueRequired":true,"valueName":"search_term_string"}}],"inLanguage":"nb-NO"}]}},"_links":{"self":[{"href":"https:\/\/www.haraldsplass.org\/barnevern\/wp-json\/wp\/v2\/pages\/36","targetHints":{"allow":["GET"]}}],"collection":[{"href":"https:\/\/www.haraldsplass.org\/barnevern\/wp-json\/wp\/v2\/pages"}],"about":[{"href":"https:\/\/www.haraldsplass.org\/barnevern\/wp-json\/wp\/v2\/types\/page"}],"author":[{"embeddable":true,"href":"https:\/\/www.haraldsplass.org\/barnevern\/wp-json\/wp\/v2\/users\/3"}],"replies":[{"embeddable":true,"href":"https:\/\/www.haraldsplass.org\/barnevern\/wp-json\/wp\/v2\/comments?post=36"}],"version-history":[{"count":0,"href":"https:\/\/www.haraldsplass.org\/barnevern\/wp-json\/wp\/v2\/pages\/36\/revisions"}],"up":[{"embeddable":true,"href":"https:\/\/www.haraldsplass.org\/barnevern\/wp-json\/wp\/v2\/pages\/30"}],"wp:attachment":[{"href":"https:\/\/www.haraldsplass.org\/barnevern\/wp-json\/wp\/v2\/media?parent=36"}],"curies":[{"name":"wp","href":"https:\/\/api.w.org\/{rel}","templated":true}]}}