{"id":71,"date":"2018-04-27T12:42:38","date_gmt":"2018-04-27T10:42:38","guid":{"rendered":"http:\/\/haraldsplass.wpengine.com\/domkirkehjemmet\/?page_id=71"},"modified":"2018-05-07T17:06:30","modified_gmt":"2018-05-07T15:06:30","slug":"personvern","status":"publish","type":"page","link":"https:\/\/www.haraldsplass.org\/domkirkehjemmet\/personvern\/","title":{"rendered":"Personvernerkl\u00e6ring"},"content":{"rendered":"[vc_row type=&raquo;in_container&raquo; full_screen_row_position=&raquo;middle&raquo; scene_position=&raquo;center&raquo; text_color=&raquo;dark&raquo; text_align=&raquo;left&raquo; bottom_padding=&raquo;100&#8243; id=&raquo;personvern-info&raquo; overlay_strength=&raquo;0.3&#8243; shape_divider_position=&raquo;bottom&raquo;][vc_column column_padding=&raquo;no-extra-padding&raquo; column_padding_position=&raquo;all&raquo; background_color_opacity=&raquo;1&#8243; background_hover_color_opacity=&raquo;1&#8243; column_shadow=&raquo;none&raquo; column_border_radius=&raquo;none&raquo; width=&raquo;1\/6&#8243; tablet_text_alignment=&raquo;default&raquo; phone_text_alignment=&raquo;default&raquo; column_border_width=&raquo;none&raquo; column_border_style=&raquo;solid&raquo;][\/vc_column][vc_column column_padding=&raquo;no-extra-padding&raquo; column_padding_position=&raquo;all&raquo; background_color_opacity=&raquo;1&#8243; background_hover_color_opacity=&raquo;1&#8243; column_shadow=&raquo;none&raquo; column_border_radius=&raquo;none&raquo; width=&raquo;4\/6&#8243; tablet_text_alignment=&raquo;default&raquo; phone_text_alignment=&raquo;default&raquo; column_border_width=&raquo;none&raquo; column_border_style=&raquo;solid&raquo;][vc_column_text]\n<h1>Personvernerkl\u00e6ring<\/h1>\n[\/vc_column_text][divider line_type=&raquo;No Line&raquo; custom_height=&raquo;60&#8243;][vc_column_text]Under finner du informasjon\u00a0 om hvordan vi benytter oss av personopplysninger. Du vil aldri gi fra deg identifiserbare personopplysninger uten et samtykke i forkant.<\/p>\n[\/vc_column_text][divider line_type=&raquo;No Line&raquo; custom_height=&raquo;30&#8243;][toggles style=&raquo;minimal&raquo;][toggle color=&raquo;Default&raquo; title=&raquo;Bedriftsinformasjon&raquo;][vc_column_text]Domkirkehjemmet<\/p>\n<p>Kontaktinfo:<br \/>\n55 30 16 00<\/p>\n<p>Adresse:<br \/>\nKong Oscarsgt. 86<br \/>\n5018 Bergen<\/p>\n<p>Ta gjerne kontakt om du har sp\u00f8rsm\u00e5l eller foresp\u00f8rsler ang\u00e5ende v\u00e5r bruk av personopplysninger.[\/vc_column_text][\/toggle][toggle color=&raquo;Default&raquo; title=&raquo;Hvordan kan du reservere deg mot bruk av informasjonskapsler?&raquo;][vc_column_text]Du kan enkelt reservere deg mot bruk av informasjonskapsler gjennom \u00e5 endre sikkerhetsinnstillingene i nettleseren din. Under finner du linker til instruksjoner for de mest brukte nettleserne.<\/p>\n<p>Chrome<br \/>\nFirefox<br \/>\nSafari<br \/>\nSafari p\u00e5 iPhone, iPad eller iPod<br \/>\nOpera<br \/>\nInternet Explorer<br \/>\n[\/vc_column_text][\/toggle][toggle color=&raquo;Default&raquo; title=&raquo;Terminologi&raquo;][vc_column_text]\n<p>Personopplysninger er enhver informasjon som direkte eller indirekte kan knyttes til deg som enkeltperson. I avsnittet \u00abHvilke personopplysninger samler vi inn om deg?\u00bb finner du informasjon om hva slags personopplysninger det er snakk om.<br \/>\nLokaliseringsdata er alle de opplysningene som angir den geografiske posisjonen til din enhet som bruker nettet. Det at du har p\u00e5 GPS og benytter deg av tjenester som facebook og lignende gj\u00f8r at du oppgir lokaliseringsdata.<br \/>\nAnonymiserte opplysninger er opplysninger hvor vi har fjernet de opplysningene som gj\u00f8r at en kan identifisere deg som enkeltperson. Resultatet er at du blir beskrevet p\u00e5 en mer generisk m\u00e5te i v\u00e5re systemer, eksempelvis: mann, 25 \u00e5r gammel, Bergen.<br \/>\nBehandling av personopplysninger er enhver form for bruk av personopplysninger. Med bruk mener vi innsamling, lagring, endring, m\u00e5lretting, og sletting. Alle innsamlede personopplysninger gjennom forskjellige aktiviteter er forbeholdt eget bruk og vil ikke distribueres.<br \/>\nPersonvernerkl\u00e6ringen gjelder bruk av v\u00e5re produkter og tjenester, samt bes\u00f8k p\u00e5 v\u00e5re nettsider fra og med 03.05.2018[\/vc_column_text][\/toggle][toggle color=&raquo;Default&raquo; title=&raquo;Hvordan samler vi inn dine personopplysninger?&raquo;][vc_column_text]Ved \u00e5 abonnere p\u00e5 v\u00e5rt nyhetsbrev gir du fra deg informasjon som navn og epost.[\/vc_column_text][\/toggle][toggle color=&raquo;Default&raquo; title=&raquo;Hvordan bruker vi dine personopplysninger?&raquo;][vc_column_text]Informasjonen som vi registrerer om deg som bruker eller kunde benyttes til salg- og markedsf\u00f8ringsaktiviteter Vi bruker b\u00e5de personopplysninger og anonymiserte data for salg- og markedsf\u00f8ringsaktiviteter. Disse aktivitetene inkluderer for eksempel:<\/p>\n<p>\u00e5 opprette m\u00e5lgrupper for markedsf\u00f8ringsaktiviteter.<br \/>\n\u00e5 tilpasse markedsf\u00f8ringen ut i fra tidligere aktiviteter og forventede behov.<br \/>\n\u00e5 sende ut nyhetsbrev og andre former for direkte markedsf\u00f8ring. Slike aktiviteter krever samtykke fra deg, og du kan enkelt bli fjernet fra v\u00e5r liste om \u00f8nskelig.<br \/>\nanalyser av marked, kundeopplevelser og kundetilfredshet.<br \/>\n\u00e5 matche kontaktinformasjon mot brukermassene til Facebook, Google, Linkedin og eventuelt andre digitale akt\u00f8rer. Vi kan ikke matche din informasjon alene, du blir alltid behandlet som en del av et st\u00f8rre publikum. P\u00e5 denne m\u00e5ten kan vi ikke n\u00e5 ut til bare deg, men heller en gruppe som du tilh\u00f8rer basert p\u00e5 v\u00e5rt oppsett.<br \/>\n[\/vc_column_text][\/toggle][toggle color=&raquo;Default&raquo; title=&raquo;Hvilke personopplysninger samler vi inn om deg?&raquo;][vc_column_text]Vi samler inn personopplysninger innenfor disse kategoriene:<\/p>\n<p>Opplysninger i forbindelse med bruk av tjenester. Dette gjelder for eksempel lokaliserings- og trafikkdata ved bruk av aktivitetslogger og grunnleggende informasjon om hva slags enhet du benytter deg av n\u00e5r du bes\u00f8ker v\u00e5re nettsider. Eksempler p\u00e5 informasjonen vi samler inn er: dato og tid, hva slags enhet du benytter deg av, hvilket operativsystem og nettleser du benytter deg av, IP-adresser, skjermst\u00f8rrelse og liknende.<br \/>\nAndre opplysninger om tjenestebruken, slik som data innsamlet ved hjelp av informasjonskapsler (cookies) og lignende ved bes\u00f8k p\u00e5 v\u00e5re nettsider.<br \/>\nSkulle noen andre opplysninger bli samlet inn, vil vi informere deg om dette og kreve samtykke fra deg. Du vil da f\u00e5 spesifikk informasjon om hvilke opplysninger vi innhenter og hva de eventuelt skal brukes til.<br \/>\n[\/vc_column_text][\/toggle][toggle color=&raquo;Default&raquo; title=&raquo;Hvordan bruker vi dine personopplysninger?&raquo;][vc_column_text]Informasjonen som vi registrerer om deg som bruker eller kunde benyttes til f\u00f8lgende form\u00e5l:<\/p>\n<p>Salg- og markedsf\u00f8ringsaktiviteter: Vi bruker b\u00e5de personopplysninger og anonymiserte data for salg- og markedsf\u00f8ringsaktiviteter. Disse aktivitetene inkluderer for eksempel:<br \/>\n\u00e5 opprette m\u00e5lgrupper for markedsf\u00f8ringsaktiviteter.<br \/>\n\u00e5 tilpasse markedsf\u00f8ringen ut i fra tidligere aktiviteter og forventede behov.<br \/>\n\u00e5 sende ut nyhetsbrev og andre former for direkte markedsf\u00f8ring. Slike aktiviteter krever samtykke fra deg, og du kan enkelt bli fjernet fra v\u00e5r liste om \u00f8nskelig.<br \/>\nAnalyser av marked, kundeopplevelser og kundetilfredshet.<br \/>\n[\/vc_column_text][\/toggle][toggle color=&raquo;Default&raquo; title=&raquo;Hvordan bruker vi informasjonskapsler (cookies) og script?&raquo;][vc_column_text]Vi benytter oss av informasjonskapsler (cookies) og lignende teknologier (ofte kalt piksler) p\u00e5 v\u00e5r nettside. Informasjonskapslene gir oss innsikt i de bes\u00f8kendes bruksm\u00f8nster, samt hvor mange bes\u00f8kende som har v\u00e6rt innom siden. <\/p>\n<p>Vi bruker informasjonskapsler til f\u00f8lgende form\u00e5l:<\/p>\n<p>Tjenesteutvikling: Informasjonskapsler hjelper oss med \u00e5 f\u00f8lge med p\u00e5 bruken av v\u00e5re digitale tjenester. Denne informasjonen bruker vi for \u00e5 forbedre tjenestene v\u00e5re.\u00a0 Vi mottar blant annet informasjon om hvilke nettsider som blir bes\u00f8kt mest, om brukeren kommer fra et lenkeklikk utenfor v\u00e5r nettside, om de klikker seg videre, samt hvor lenge brukerne blir v\u00e6rende p\u00e5 v\u00e5re nettsider. Den tiden du bruker p\u00e5 v\u00e5re sider blir logget, men du er anonym for oss. Vi overv\u00e5ker ogs\u00e5 hvor langt du \u201dscroller\u201d\/blar ned p\u00e5 siden, samt hvor du peker og klikker med musepekeren.<br \/>\nBruksanalyse: Vi bruker informasjonskapsler til \u00e5 samle opplysninger om antall bes\u00f8kende p\u00e5 v\u00e5re nettsteder og digitale tjenester, samt til \u00e5 evaluere effekten av annonsering. Vi kan samle inn informasjon fra eksempelvis markedsf\u00f8ringsmateriell og nyhetsbrev sendt p\u00e5 e-post. \u00a0Vi kan for eksempel finne ut om meldingene ble \u00e5pnet, lesetid og om mottakeren eventuelt klikket p\u00e5 lenker i meldingen.<br \/>\nM\u00e5lretting av markedsf\u00f8ring: Ved hjelp av informasjonskapsler kan vi ogs\u00e5 samle inn generisk informasjon som videre kan brukes for \u00e5 lage m\u00e5lgrupper for markedsf\u00f8ringsaktiviteter. Denne informasjonen er ikke beskrivende nok til \u00e5 identifisere enkeltpersoner.<br \/>\n[\/vc_column_text][\/toggle][toggle color=&raquo;Default&raquo; title=&raquo;Hvilke tredjeparter benytter vi oss av for behandling av personopplysninger?&raquo;][vc_column_text]Vi benytter oss av f\u00f8lgende tredjeparter for innsamling og\/eller bruk av personopplysninger. Du kan lese mer om den aktuelle tredjepartens rutiner for h\u00e5ndtering av personopplysninger ved \u00e5 f\u00f8lge lenkene i navnet til tredjeparten.<\/p>\n<p>Google Analytics &#8211; Deaktiver datainnsamling for Google Analytics her<br \/>\nFacebook<br \/>\n[\/vc_column_text][\/toggle][toggle color=&raquo;Default&raquo; title=&raquo;Hva er dine rettigheter og valgmuligheter?&raquo;][vc_column_text]Du har rett til \u00e5:<\/p>\n<p>vite hva slags informasjon vi har registrert om deg.<br \/>\nkreve at din informasjon er korrekt og oppdatert.<br \/>\nreservere deg mot direkte markedsf\u00f8ring. Dette kan medf\u00f8re at du ikke har tilgang til alle v\u00e5re tilbud og tjenester.<br \/>\ntrekke tilbake samtykket til behandling av personopplysninger. Dette kan f\u00f8re til at vi ikke lenger kan tilby v\u00e5re tjenester.<br \/>\ndeaktivere innsamling av data for tjenester som\u00a0Google Analytics.<br \/>\n[\/vc_column_text][\/toggle][toggle color=&raquo;Default&raquo; title=&raquo;Hvordan f\u00e5 kjennskap til endringer i v\u00e5r Personvernerkl\u00e6ring?&raquo;][vc_column_text]Vi kan ha behov for \u00e5 oppdatere Personvernerkl\u00e6ringen\u00a0over tid. Dette gj\u00f8r vi dersom v\u00e5r drift og v\u00e5re tjenester utvikler seg, samtidig som at vi ogs\u00e5 m\u00e5 f\u00f8lge datatilsynets regler. Vi oppfordrer deg til \u00e5 sjekke om det har kommet eventuelle oppdateringer p\u00e5 denne siden jevnlig.[\/vc_column_text][\/toggle][toggle color=&raquo;Default&raquo; title=&raquo;Hvordan g\u00e5r jeg frem om jeg \u00f8nsker \u00e5 slette mine personopplysninger?&raquo;][vc_column_text]Du kan ta kontakt med oss gjennom den kontaktinformasjonen som ligger tilgjengelig p\u00e5 siden v\u00e5r og i toppen av personvernerkl\u00e6ringen.[\/vc_column_text][\/toggle][\/toggles][\/vc_column][vc_column column_padding=&raquo;no-extra-padding&raquo; column_padding_position=&raquo;all&raquo; background_color_opacity=&raquo;1&#8243; background_hover_color_opacity=&raquo;1&#8243; column_shadow=&raquo;none&raquo; column_border_radius=&raquo;none&raquo; width=&raquo;1\/6&#8243; tablet_text_alignment=&raquo;default&raquo; phone_text_alignment=&raquo;default&raquo; column_border_width=&raquo;none&raquo; column_border_style=&raquo;solid&raquo;][\/vc_column][\/vc_row]\n","protected":false},"excerpt":{"rendered":"<p>[vc_row type=&raquo;in_container&raquo; full_screen_row_position=&raquo;middle&raquo; scene_position=&raquo;center&raquo; text_color=&raquo;dark&raquo; text_align=&raquo;left&raquo; bottom_padding=&raquo;100&#8243; id=&raquo;personvern-info&raquo; overlay_strength=&raquo;0.3&#8243; shape_divider_position=&raquo;bottom&raquo;][vc_column column_padding=&raquo;no-extra-padding&raquo; column_padding_position=&raquo;all&raquo; background_color_opacity=&raquo;1&#8243; background_hover_color_opacity=&raquo;1&#8243; column_shadow=&raquo;none&raquo; column_border_radius=&raquo;none&raquo; width=&raquo;1\/6&#8243; tablet_text_alignment=&raquo;default&raquo; phone_text_alignment=&raquo;default&raquo; column_border_width=&raquo;none&raquo; column_border_style=&raquo;solid&raquo;][\/vc_column][vc_column column_padding=&raquo;no-extra-padding&raquo; column_padding_position=&raquo;all&raquo; background_color_opacity=&raquo;1&#8243; background_hover_color_opacity=&raquo;1&#8243; column_shadow=&raquo;none&raquo; column_border_radius=&raquo;none&raquo; width=&raquo;4\/6&#8243; tablet_text_alignment=&raquo;default&raquo; phone_text_alignment=&raquo;default&raquo;&#8230;<\/p>\n","protected":false},"author":3,"featured_media":0,"parent":0,"menu_order":0,"comment_status":"closed","ping_status":"closed","template":"","meta":{"footnotes":""},"class_list":["post-71","page","type-page","status-publish"],"yoast_head":"<!-- This site is optimized with the Yoast SEO plugin v27.3 - https:\/\/yoast.com\/product\/yoast-seo-wordpress\/ -->\n<title>Personvernerkl\u00e6ring - Domkirkehjemmet<\/title>\n<meta name=\"robots\" content=\"index, follow, max-snippet:-1, max-image-preview:large, max-video-preview:-1\" \/>\n<link rel=\"canonical\" href=\"https:\/\/www.haraldsplass.org\/domkirkehjemmet\/personvern\/\" \/>\n<meta property=\"og:locale\" content=\"nb_NO\" \/>\n<meta property=\"og:type\" content=\"article\" \/>\n<meta property=\"og:title\" content=\"Personvernerkl\u00e6ring - Domkirkehjemmet\" \/>\n<meta property=\"og:description\" content=\"[vc_row type=&raquo;in_container&raquo; full_screen_row_position=&raquo;middle&raquo; scene_position=&raquo;center&raquo; text_color=&raquo;dark&raquo; text_align=&raquo;left&raquo; bottom_padding=&raquo;100&#8243; id=&raquo;personvern-info&raquo; overlay_strength=&raquo;0.3&#8243; shape_divider_position=&raquo;bottom&raquo;][vc_column column_padding=&raquo;no-extra-padding&raquo; column_padding_position=&raquo;all&raquo; background_color_opacity=&raquo;1&#8243; background_hover_color_opacity=&raquo;1&#8243; column_shadow=&raquo;none&raquo; column_border_radius=&raquo;none&raquo; width=&raquo;1\/6&#8243; tablet_text_alignment=&raquo;default&raquo; phone_text_alignment=&raquo;default&raquo; column_border_width=&raquo;none&raquo; column_border_style=&raquo;solid&raquo;][\/vc_column][vc_column column_padding=&raquo;no-extra-padding&raquo; column_padding_position=&raquo;all&raquo; background_color_opacity=&raquo;1&#8243; background_hover_color_opacity=&raquo;1&#8243; column_shadow=&raquo;none&raquo; column_border_radius=&raquo;none&raquo; width=&raquo;4\/6&#8243; tablet_text_alignment=&raquo;default&raquo; phone_text_alignment=&raquo;default&raquo;...\" \/>\n<meta property=\"og:url\" content=\"https:\/\/www.haraldsplass.org\/domkirkehjemmet\/personvern\/\" \/>\n<meta property=\"og:site_name\" content=\"Domkirkehjemmet\" \/>\n<meta property=\"article:modified_time\" content=\"2018-05-07T15:06:30+00:00\" \/>\n<meta name=\"twitter:card\" content=\"summary_large_image\" \/>\n<meta name=\"twitter:label1\" content=\"Ansl. lesetid\" \/>\n\t<meta name=\"twitter:data1\" content=\"7 minutter\" \/>\n<script type=\"application\/ld+json\" class=\"yoast-schema-graph\">{\"@context\":\"https:\\\/\\\/schema.org\",\"@graph\":[{\"@type\":\"WebPage\",\"@id\":\"https:\\\/\\\/www.haraldsplass.org\\\/domkirkehjemmet\\\/personvern\\\/\",\"url\":\"https:\\\/\\\/www.haraldsplass.org\\\/domkirkehjemmet\\\/personvern\\\/\",\"name\":\"Personvernerkl\u00e6ring - Domkirkehjemmet\",\"isPartOf\":{\"@id\":\"https:\\\/\\\/www.haraldsplass.org\\\/domkirkehjemmet\\\/#website\"},\"datePublished\":\"2018-04-27T10:42:38+00:00\",\"dateModified\":\"2018-05-07T15:06:30+00:00\",\"breadcrumb\":{\"@id\":\"https:\\\/\\\/www.haraldsplass.org\\\/domkirkehjemmet\\\/personvern\\\/#breadcrumb\"},\"inLanguage\":\"nb-NO\",\"potentialAction\":[{\"@type\":\"ReadAction\",\"target\":[\"https:\\\/\\\/www.haraldsplass.org\\\/domkirkehjemmet\\\/personvern\\\/\"]}]},{\"@type\":\"BreadcrumbList\",\"@id\":\"https:\\\/\\\/www.haraldsplass.org\\\/domkirkehjemmet\\\/personvern\\\/#breadcrumb\",\"itemListElement\":[{\"@type\":\"ListItem\",\"position\":1,\"name\":\"Hjem\",\"item\":\"https:\\\/\\\/www.haraldsplass.org\\\/domkirkehjemmet\\\/\"},{\"@type\":\"ListItem\",\"position\":2,\"name\":\"Personvernerkl\u00e6ring\"}]},{\"@type\":\"WebSite\",\"@id\":\"https:\\\/\\\/www.haraldsplass.org\\\/domkirkehjemmet\\\/#website\",\"url\":\"https:\\\/\\\/www.haraldsplass.org\\\/domkirkehjemmet\\\/\",\"name\":\"Domkirkehjemmet\",\"description\":\"\",\"potentialAction\":[{\"@type\":\"SearchAction\",\"target\":{\"@type\":\"EntryPoint\",\"urlTemplate\":\"https:\\\/\\\/www.haraldsplass.org\\\/domkirkehjemmet\\\/?s={search_term_string}\"},\"query-input\":{\"@type\":\"PropertyValueSpecification\",\"valueRequired\":true,\"valueName\":\"search_term_string\"}}],\"inLanguage\":\"nb-NO\"}]}<\/script>\n<!-- \/ Yoast SEO plugin. -->","yoast_head_json":{"title":"Personvernerkl\u00e6ring - Domkirkehjemmet","robots":{"index":"index","follow":"follow","max-snippet":"max-snippet:-1","max-image-preview":"max-image-preview:large","max-video-preview":"max-video-preview:-1"},"canonical":"https:\/\/www.haraldsplass.org\/domkirkehjemmet\/personvern\/","og_locale":"nb_NO","og_type":"article","og_title":"Personvernerkl\u00e6ring - Domkirkehjemmet","og_description":"[vc_row type=&raquo;in_container&raquo; full_screen_row_position=&raquo;middle&raquo; scene_position=&raquo;center&raquo; text_color=&raquo;dark&raquo; text_align=&raquo;left&raquo; bottom_padding=&raquo;100&#8243; id=&raquo;personvern-info&raquo; overlay_strength=&raquo;0.3&#8243; shape_divider_position=&raquo;bottom&raquo;][vc_column column_padding=&raquo;no-extra-padding&raquo; column_padding_position=&raquo;all&raquo; background_color_opacity=&raquo;1&#8243; background_hover_color_opacity=&raquo;1&#8243; column_shadow=&raquo;none&raquo; column_border_radius=&raquo;none&raquo; width=&raquo;1\/6&#8243; tablet_text_alignment=&raquo;default&raquo; phone_text_alignment=&raquo;default&raquo; column_border_width=&raquo;none&raquo; column_border_style=&raquo;solid&raquo;][\/vc_column][vc_column column_padding=&raquo;no-extra-padding&raquo; column_padding_position=&raquo;all&raquo; background_color_opacity=&raquo;1&#8243; background_hover_color_opacity=&raquo;1&#8243; column_shadow=&raquo;none&raquo; column_border_radius=&raquo;none&raquo; width=&raquo;4\/6&#8243; tablet_text_alignment=&raquo;default&raquo; phone_text_alignment=&raquo;default&raquo;...","og_url":"https:\/\/www.haraldsplass.org\/domkirkehjemmet\/personvern\/","og_site_name":"Domkirkehjemmet","article_modified_time":"2018-05-07T15:06:30+00:00","twitter_card":"summary_large_image","twitter_misc":{"Ansl. lesetid":"7 minutter"},"schema":{"@context":"https:\/\/schema.org","@graph":[{"@type":"WebPage","@id":"https:\/\/www.haraldsplass.org\/domkirkehjemmet\/personvern\/","url":"https:\/\/www.haraldsplass.org\/domkirkehjemmet\/personvern\/","name":"Personvernerkl\u00e6ring - Domkirkehjemmet","isPartOf":{"@id":"https:\/\/www.haraldsplass.org\/domkirkehjemmet\/#website"},"datePublished":"2018-04-27T10:42:38+00:00","dateModified":"2018-05-07T15:06:30+00:00","breadcrumb":{"@id":"https:\/\/www.haraldsplass.org\/domkirkehjemmet\/personvern\/#breadcrumb"},"inLanguage":"nb-NO","potentialAction":[{"@type":"ReadAction","target":["https:\/\/www.haraldsplass.org\/domkirkehjemmet\/personvern\/"]}]},{"@type":"BreadcrumbList","@id":"https:\/\/www.haraldsplass.org\/domkirkehjemmet\/personvern\/#breadcrumb","itemListElement":[{"@type":"ListItem","position":1,"name":"Hjem","item":"https:\/\/www.haraldsplass.org\/domkirkehjemmet\/"},{"@type":"ListItem","position":2,"name":"Personvernerkl\u00e6ring"}]},{"@type":"WebSite","@id":"https:\/\/www.haraldsplass.org\/domkirkehjemmet\/#website","url":"https:\/\/www.haraldsplass.org\/domkirkehjemmet\/","name":"Domkirkehjemmet","description":"","potentialAction":[{"@type":"SearchAction","target":{"@type":"EntryPoint","urlTemplate":"https:\/\/www.haraldsplass.org\/domkirkehjemmet\/?s={search_term_string}"},"query-input":{"@type":"PropertyValueSpecification","valueRequired":true,"valueName":"search_term_string"}}],"inLanguage":"nb-NO"}]}},"_links":{"self":[{"href":"https:\/\/www.haraldsplass.org\/domkirkehjemmet\/wp-json\/wp\/v2\/pages\/71","targetHints":{"allow":["GET"]}}],"collection":[{"href":"https:\/\/www.haraldsplass.org\/domkirkehjemmet\/wp-json\/wp\/v2\/pages"}],"about":[{"href":"https:\/\/www.haraldsplass.org\/domkirkehjemmet\/wp-json\/wp\/v2\/types\/page"}],"author":[{"embeddable":true,"href":"https:\/\/www.haraldsplass.org\/domkirkehjemmet\/wp-json\/wp\/v2\/users\/3"}],"replies":[{"embeddable":true,"href":"https:\/\/www.haraldsplass.org\/domkirkehjemmet\/wp-json\/wp\/v2\/comments?post=71"}],"version-history":[{"count":0,"href":"https:\/\/www.haraldsplass.org\/domkirkehjemmet\/wp-json\/wp\/v2\/pages\/71\/revisions"}],"wp:attachment":[{"href":"https:\/\/www.haraldsplass.org\/domkirkehjemmet\/wp-json\/wp\/v2\/media?parent=71"}],"curies":[{"name":"wp","href":"https:\/\/api.w.org\/{rel}","templated":true}]}}